{"id":224266,"date":"2025-12-04T14:31:26","date_gmt":"2025-12-04T13:31:26","guid":{"rendered":"https:\/\/www.juliendemeyere.fr\/?page_id=224266"},"modified":"2026-01-20T09:17:38","modified_gmt":"2026-01-20T08:17:38","slug":"graphiste-luxembourg","status":"publish","type":"page","link":"https:\/\/www.juliendemeyere.fr\/en\/graphiste-luxembourg\/","title":{"rendered":"Graphiste Luxembourg"},"content":{"rendered":"<div class=\"et_pb_section_0 et_pb_section et_section_regular et_flex_section preset--module--divi-section--default\">\n<div class=\"et_pb_row_0 et_pb_row et_flex_row preset--module--divi-row--default\">\n<div class=\"et_pb_column_0 et_pb_column et-last-child et_flex_column et_pb_css_mix_blend_mode_passthrough et_flex_column_24_24 et_flex_column_24_24_tablet et_flex_column_24_24_phone preset--module--divi-column--default\">\n<div class=\"et_pb_text_0 et_pb_text et_pb_bg_layout_light et_pb_module et_flex_module preset--module--divi-text--9dt9unhizw\"><div class=\"et_pb_text_inner\"><h1>Graphiste Luxembourg branding.<br \/>R\u00e9v\u00e9lez la vraie nature<br \/>de votre marque.<\/h1>\n<\/div><\/div>\n<\/div>\n<\/div>\n\n<div class=\"et_pb_row_1 et_pb_row et-vb-row--no-module et_flex_row et-pb-has-background-video et_pb_preload preset--module--divi-row--default\"><span class=\"et-pb-background-video\"><video autoplay loop playsinline muted><source type=\"video\/mp4\" src=\"https:\/\/www.juliendemeyere.fr\/wp-content\/uploads\/2025\/11\/Graphiste-Branding.mp4\" \/><\/video><\/span>\n<div class=\"et_pb_column_1 et_pb_column et-last-child et_flex_column et_pb_column_empty et_pb_css_mix_blend_mode_passthrough et_flex_column_24_24 et_flex_column_24_24_tablet et_flex_column_24_24_phone preset--module--divi-column--default\"><\/div>\n<\/div>\n<\/div>\n\n<div class=\"et_pb_section_1 et_pb_section et_section_regular et_block_section section-bg-change preset--module--divi-section--default\">\n<div class=\"et_pb_row_2 et_pb_row et_flex_row preset--module--divi-row--default\">\n<div class=\"et_pb_column_2 et_pb_column et-last-child et_flex_column et_pb_css_mix_blend_mode_passthrough et_flex_column_24_24 et_flex_column_24_24_tablet et_flex_column_24_24_phone preset--module--divi-column--default\">\n<div class=\"et_pb_text_1 et_pb_text et_pb_bg_layout_light et_pb_module et_flex_module preset--module--divi-text--9dt9unhizw\"><div class=\"et_pb_text_inner\"><p style=\"text-align: left;\">Graphiste Luxembourg expert en branding, je fa\u00e7onne des identit\u00e9s radicales pour les marques qui osent. J'apporte une vision studio locale mais sans concession. Guid\u00e9 par l'audace et la strat\u00e9gie, je collabore avec les visionnaires du territoire.<\/p>\n<\/div><\/div>\n<\/div>\n<\/div>\n\n<div class=\"et_pb_row_3 et_pb_row et_flex_row preset--module--divi-row--default\">\n<div class=\"et_pb_column_3 et_pb_column et-last-child et_flex_column et_pb_css_mix_blend_mode_passthrough et_flex_column_24_24 et_flex_column_24_24_tablet et_flex_column_24_24_phone preset--module--divi-column--default\">\n<div class=\"et_pb_text_2 et_pb_text et_pb_bg_layout_light et_pb_module et_flex_module preset--module--divi-text--default\"><div class=\"et_pb_text_inner\"><h2>Mes derniers projets<\/h2>\n<\/div><\/div>\n<\/div>\n<\/div>\n\n<div class=\"et_pb_row_4 et_pb_row et_flex_row preset--module--divi-row--default\">\n<div class=\"et_pb_column_4 et_pb_column et_flex_column et_pb_css_mix_blend_mode_passthrough et_flex_column_12_24 et_flex_column_12_24_tablet et_flex_column_24_24_phone preset--module--divi-column--default\">\n<div class=\"et_pb_group_0 et_pb_group et_pb_module et_flex_group et_pb_css_mix_blend_mode_passthrough\">\n<div class=\"et_pb_image_0 et_pb_image et_pb_module et_flex_module\"><a href=\"https:\/\/www.juliendemeyere.fr\/en\/project\/wound-training-camp\/\"><span class=\"et_pb_image_wrap\"><img loading=\"lazy\" decoding=\"async\" src=\"https:\/\/www.juliendemeyere.fr\/wp-content\/uploads\/2025\/10\/animation_logo_wtc_1.gif\" width=\"1500\" height=\"1000\" srcset=\"https:\/\/www.juliendemeyere.fr\/wp-content\/uploads\/2025\/10\/animation_logo_wtc_1.gif 1500w\" sizes=\"(min-width: 0px) and (max-width: 480px) 480px, (min-width: 481px) and (max-width: 980px) 980px, (min-width: 981px) and (max-width: 1280px) 1280px, (min-width: 1281px) 1500px, 100vw\" class=\"wp-image-13875\" \/><\/span><\/a>\n<div class=\"et_pb_group_1 et_pb_group et-last-child et_pb_module et_flex_group et_pb_css_mix_blend_mode_passthrough preset--module--divi-group--xpe9lr607m\">\n<div class=\"et_pb_text_3 et_pb_text et_pb_bg_layout_light et_pb_module et_flex_module preset--module--divi-text--z55hpuiw1q\"><div class=\"et_pb_text_inner\"><p>Brand identity<\/p>\n<\/div><\/div>\n<\/div>\n<\/div>\n\n<div class=\"et_pb_text_4 et_pb_text et_pb_bg_layout_light et_pb_module et_flex_module preset--group--divi-text--divi-font-header--h1y3ko5--default preset--module--divi-text--default\"><div class=\"et_pb_text_inner\"><h3>Wound Training Camp<\/h3>\n<\/div><\/div>\n<\/div>\n\n<div class=\"et_pb_group_2 et_pb_group et_pb_module et_flex_group et_pb_css_mix_blend_mode_passthrough\">\n<div class=\"et_pb_image_1 et_pb_image et_pb_module et_flex_module\"><a href=\"https:\/\/www.juliendemeyere.fr\/en\/project\/generation-francophonie\/\"><span class=\"et_pb_image_wrap\"><img loading=\"lazy\" decoding=\"async\" src=\"https:\/\/www.juliendemeyere.fr\/wp-content\/uploads\/2025\/04\/cover_generation_francophonie.jpg\" width=\"1500\" height=\"1000\" srcset=\"https:\/\/www.juliendemeyere.fr\/wp-content\/uploads\/2025\/04\/cover_generation_francophonie.jpg 1500w, https:\/\/www.juliendemeyere.fr\/wp-content\/uploads\/2025\/04\/cover_generation_francophonie-1280x853.jpg 1280w, https:\/\/www.juliendemeyere.fr\/wp-content\/uploads\/2025\/04\/cover_generation_francophonie-980x653.jpg 980w, https:\/\/www.juliendemeyere.fr\/wp-content\/uploads\/2025\/04\/cover_generation_francophonie-480x320.jpg 480w\" sizes=\"(min-width: 0px) and (max-width: 480px) 480px, (min-width: 481px) and (max-width: 980px) 980px, (min-width: 981px) and (max-width: 1280px) 1280px, (min-width: 1281px) 1500px, 100vw\" class=\"wp-image-13758\" \/><\/span><\/a>\n<div class=\"et_pb_group_3 et_pb_group et-last-child et_pb_module et_flex_group et_pb_css_mix_blend_mode_passthrough preset--module--divi-group--xpe9lr607m\">\n<div class=\"et_pb_text_5 et_pb_text et_pb_bg_layout_light et_pb_module et_flex_module preset--module--divi-text--z55hpuiw1q\"><div class=\"et_pb_text_inner\"><p>Brand identity<\/p>\n<\/div><\/div>\n<\/div>\n<\/div>\n\n<div class=\"et_pb_text_6 et_pb_text et_pb_bg_layout_light et_pb_module et_flex_module preset--group--divi-text--divi-font-header--h1y3ko5--default preset--module--divi-text--default\"><div class=\"et_pb_text_inner\"><h3>Generation Francophonie<\/h3>\n<\/div><\/div>\n<\/div>\n\n<div class=\"et_pb_group_4 et_pb_group et-last-child et_pb_module et_flex_group et_pb_css_mix_blend_mode_passthrough\">\n<div class=\"et_pb_image_2 et_pb_image et_pb_module et_flex_module\"><a href=\"https:\/\/www.juliendemeyere.fr\/en\/project\/biodesign-academy\/\"><span class=\"et_pb_image_wrap\"><img loading=\"lazy\" decoding=\"async\" src=\"https:\/\/www.juliendemeyere.fr\/wp-content\/uploads\/2024\/10\/pattern_animation_biodesignacademy2.gif\" alt=\"Bio Design Academy Branding\" width=\"1500\" height=\"1000\" srcset=\"https:\/\/www.juliendemeyere.fr\/wp-content\/uploads\/2024\/10\/pattern_animation_biodesignacademy2.gif 1500w\" sizes=\"(min-width: 0px) and (max-width: 480px) 480px, (min-width: 481px) and (max-width: 980px) 980px, (min-width: 981px) and (max-width: 1280px) 1280px, (min-width: 1281px) 1500px, 100vw\" class=\"wp-image-13687\" \/><\/span><\/a>\n<div class=\"et_pb_group_5 et_pb_group et-last-child et_pb_module et_flex_group et_pb_css_mix_blend_mode_passthrough preset--module--divi-group--xpe9lr607m\">\n<div class=\"et_pb_text_7 et_pb_text et_pb_bg_layout_light et_pb_module et_flex_module preset--module--divi-text--z55hpuiw1q\"><div class=\"et_pb_text_inner\"><p>Brand identity<\/p>\n<\/div><\/div>\n<\/div>\n<\/div>\n\n<div class=\"et_pb_text_8 et_pb_text et_pb_bg_layout_light et_pb_module et_flex_module preset--group--divi-text--divi-font-header--h1y3ko5--default preset--module--divi-text--default\"><div class=\"et_pb_text_inner\"><h3>Biodesign Academy<\/h3>\n<\/div><\/div>\n<\/div>\n<\/div>\n\n<div class=\"et_pb_column_5 et_pb_column et-last-child et_flex_column et_pb_css_mix_blend_mode_passthrough et_flex_column_12_24 et_flex_column_12_24_tablet et_flex_column_24_24_phone preset--module--divi-column--default\">\n<div class=\"et_pb_group_6 et_pb_group et_pb_module et_flex_group et_pb_css_mix_blend_mode_passthrough\">\n<div class=\"et_pb_group_7 et_pb_group et-last-child et_pb_module et_flex_group et_pb_css_mix_blend_mode_passthrough\">\n<div class=\"et_pb_image_3 et_pb_image et_pb_module et_flex_module\"><a href=\"https:\/\/www.juliendemeyere.fr\/en\/project\/wandering-buffalo\/\"><span class=\"et_pb_image_wrap\"><img loading=\"lazy\" decoding=\"async\" src=\"https:\/\/www.juliendemeyere.fr\/wp-content\/uploads\/2025\/09\/animation_logo_cover-1.gif\" width=\"1500\" height=\"1000\" srcset=\"https:\/\/www.juliendemeyere.fr\/wp-content\/uploads\/2025\/09\/animation_logo_cover-1.gif 1500w\" sizes=\"(min-width: 0px) and (max-width: 480px) 480px, (min-width: 481px) and (max-width: 980px) 980px, (min-width: 981px) and (max-width: 1280px) 1280px, (min-width: 1281px) 1500px, 100vw\" class=\"wp-image-13823\" \/><\/span><\/a>\n<div class=\"et_pb_group_8 et_pb_group et-last-child et_pb_module et_flex_group et_pb_css_mix_blend_mode_passthrough preset--module--divi-group--xpe9lr607m\">\n<div class=\"et_pb_text_9 et_pb_text et_pb_bg_layout_light et_pb_module et_flex_module preset--module--divi-text--z55hpuiw1q\"><div class=\"et_pb_text_inner\"><p>Brand identity<\/p>\n<\/div><\/div>\n<\/div>\n<\/div>\n\n<div class=\"et_pb_text_10 et_pb_text et_pb_bg_layout_light et_pb_module et_flex_module preset--group--divi-text--divi-font-header--h1y3ko5--default preset--module--divi-text--default\"><div class=\"et_pb_text_inner\"><h3>Wandering Buffalo<\/h3>\n<\/div><\/div>\n<\/div>\n<\/div>\n\n<div class=\"et_pb_group_9 et_pb_group et_pb_module et_flex_group et_pb_css_mix_blend_mode_passthrough\">\n<div class=\"et_pb_group_10 et_pb_group et-last-child et_pb_module et_flex_group et_pb_css_mix_blend_mode_passthrough preset--module--divi-group--tclmpbs4n1\">\n<div class=\"et_pb_image_4 et_pb_image et_pb_module et_flex_module\"><a href=\"https:\/\/www.juliendemeyere.fr\/en\/project\/hums\/\"><span class=\"et_pb_image_wrap\"><img loading=\"lazy\" decoding=\"async\" src=\"https:\/\/www.juliendemeyere.fr\/wp-content\/uploads\/2023\/04\/logo_hums_animation-copie.gif\" alt=\"Hums Branding\" width=\"1500\" height=\"1000\" srcset=\"https:\/\/www.juliendemeyere.fr\/wp-content\/uploads\/2023\/04\/logo_hums_animation-copie.gif 1500w\" sizes=\"(min-width: 0px) and (max-width: 480px) 480px, (min-width: 481px) and (max-width: 980px) 980px, (min-width: 981px) and (max-width: 1280px) 1280px, (min-width: 1281px) 1500px, 100vw\" class=\"wp-image-12330\" \/><\/span><\/a>\n<div class=\"et_pb_group_11 et_pb_group et-last-child et_pb_module et_flex_group et_pb_css_mix_blend_mode_passthrough preset--module--divi-group--xpe9lr607m\">\n<div class=\"et_pb_text_11 et_pb_text et_pb_bg_layout_light et_pb_module et_flex_module preset--module--divi-text--z55hpuiw1q\"><div class=\"et_pb_text_inner\"><p>Brand identity<\/p>\n<\/div><\/div>\n\n<div class=\"et_pb_text_12 et_pb_text et_pb_bg_layout_light et_pb_module et_flex_module preset--module--divi-text--o9k33nlo14\"><div class=\"et_pb_text_inner\"><p>Packaging<\/p>\n<\/div><\/div>\n<\/div>\n<\/div>\n\n<div class=\"et_pb_text_13 et_pb_text et_pb_bg_layout_light et_pb_module et_flex_module preset--group--divi-text--divi-font-header--h1y3ko5--default preset--module--divi-text--default\"><div class=\"et_pb_text_inner\"><h3>Hums<\/h3>\n<\/div><\/div>\n<\/div>\n<\/div>\n\n<div class=\"et_pb_group_12 et_pb_group et-last-child et_pb_module et_flex_group et_pb_css_mix_blend_mode_passthrough\">\n<div class=\"et_pb_group_13 et_pb_group et-last-child et_pb_module et_flex_group et_pb_css_mix_blend_mode_passthrough\">\n<div class=\"et_pb_image_5 et_pb_image et_pb_module et_flex_module\"><a href=\"https:\/\/www.juliendemeyere.fr\/en\/project\/caravelo\/\"><span class=\"et_pb_image_wrap\"><img loading=\"lazy\" decoding=\"async\" src=\"https:\/\/www.juliendemeyere.fr\/wp-content\/uploads\/2024\/04\/animation_logo_caravelo.gif\" alt=\"Caravelo Branding\" width=\"1500\" height=\"1000\" srcset=\"https:\/\/www.juliendemeyere.fr\/wp-content\/uploads\/2024\/04\/animation_logo_caravelo.gif 1500w\" sizes=\"(min-width: 0px) and (max-width: 480px) 480px, (min-width: 481px) and (max-width: 980px) 980px, (min-width: 981px) and (max-width: 1280px) 1280px, (min-width: 1281px) 1500px, 100vw\" class=\"wp-image-12833\" \/><\/span><\/a>\n<div class=\"et_pb_group_14 et_pb_group et-last-child et_pb_module et_flex_group et_pb_css_mix_blend_mode_passthrough preset--module--divi-group--xpe9lr607m\">\n<div class=\"et_pb_text_14 et_pb_text et_pb_bg_layout_light et_pb_module et_flex_module preset--module--divi-text--z55hpuiw1q\"><div class=\"et_pb_text_inner\"><p>Brand identity<\/p>\n<\/div><\/div>\n\n<div class=\"et_pb_text_15 et_pb_text et_pb_bg_layout_light et_pb_module et_flex_module preset--module--divi-text--o9k33nlo14\"><div class=\"et_pb_text_inner\"><p>Webdesign<\/p>\n<\/div><\/div>\n<\/div>\n<\/div>\n\n<div class=\"et_pb_text_16 et_pb_text et_pb_bg_layout_light et_pb_module et_flex_module preset--group--divi-text--divi-font-header--h1y3ko5--default preset--module--divi-text--default\"><div class=\"et_pb_text_inner\"><h3>Caravelo<\/h3>\n<\/div><\/div>\n<\/div>\n<\/div>\n<\/div>\n<\/div>\n\n<div class=\"et_pb_row_5 et_pb_row et_flex_row preset--module--divi-row--default\">\n<div class=\"et_pb_column_6 et_pb_column et-last-child et_flex_column et_pb_css_mix_blend_mode_passthrough et_flex_column_24_24 et_flex_column_24_24_tablet et_flex_column_24_24_phone preset--module--divi-column--default\">\n<div class=\"et_pb_module et_pb_button_module_wrapper et_pb_button_0_wrapper preset--module--divi-button--default_wrapper\"><a class=\"et_pb_button_0 et_pb_button et_pb_bg_layout_light et_pb_module et_flex_module preset--module--divi-button--default\" href=\"https:\/\/www.juliendemeyere.fr\/en\/projets\/\">(Voir tous les projets)<\/a><\/div>\n<\/div>\n<\/div>\n<\/div>\n\n<div class=\"et_pb_section_2 et_pb_section et_section_regular et_flex_section section-bg-change3 preset--module--divi-section--default\">\n<div class=\"et_pb_row_6 et_pb_row et_flex_row preset--module--divi-row--default\">\n<div class=\"et_pb_column_7 et_pb_column et-last-child et_flex_column et_pb_css_mix_blend_mode_passthrough et_flex_column_3_5 et_flex_column_16_24_tablet et_flex_column_24_24_phone preset--module--divi-column--default\">\n<div class=\"et_pb_text_17 et_pb_text et_pb_bg_layout_light et_pb_module et_flex_module preset--group--divi-text--divi-font-header--h1y3ko5--default preset--module--divi-text--default\"><div class=\"et_pb_text_inner\"><h2>J'accompagne les entreprises au Luxembourg qui veulent marquer les esprits. Votre histoire est unique, votre image doit l'\u00eatre aussi. Donnons \u00e0 votre marque l'impact qu'elle m\u00e9rite.<\/h2>\n<\/div><\/div>\n\n<div class=\"et_pb_module et_pb_button_module_wrapper et_pb_button_1_wrapper preset--module--divi-button--default_wrapper\"><a class=\"et_pb_button_1 et_pb_button et_pb_bg_layout_light et_pb_module et_flex_module preset--module--divi-button--default\" href=\"https:\/\/www.juliendemeyere.fr\/en\/contact\/\">(Me contacter)<\/a><\/div>\n<\/div>\n<\/div>\n\n<div class=\"et_pb_row_7 et_pb_row et_pb_gutters2 et_block_row preset--module--divi-row--default\">\n<div class=\"et_pb_column_8 et_pb_column et_pb_column_1_2 et_flex_column et_pb_css_mix_blend_mode_passthrough preset--module--divi-column--default\">\n<div class=\"et_pb_text_18 et_pb_text et_pb_bg_layout_light et_pb_module et_flex_module preset--module--divi-text--default\" data-interaction-trigger=\"xdtlcfjt5q\"><div class=\"et_pb_text_inner\"><p>Art Direction<\/p>\n<\/div><\/div>\n\n<div class=\"et_pb_text_19 et_pb_text et_pb_bg_layout_light et_pb_module et_flex_module preset--module--divi-text--default\" data-interaction-trigger=\"7ov46pi87c\"><div class=\"et_pb_text_inner\"><p>Brand identity<\/p>\n<\/div><\/div>\n\n<div class=\"et_pb_text_20 et_pb_text et_pb_bg_layout_light et_pb_module et_flex_module preset--module--divi-text--default\" data-interaction-trigger=\"8cagejt5hk\"><div class=\"et_pb_text_inner\"><p>Branding<\/p>\n<\/div><\/div>\n\n<div class=\"et_pb_text_21 et_pb_text et_pb_bg_layout_light et_pb_module et_flex_module preset--module--divi-text--default\" data-interaction-trigger=\"62x0vt7qst\"><div class=\"et_pb_text_inner\"><p>Packaging<\/p>\n<\/div><\/div>\n\n<div class=\"et_pb_text_22 et_pb_text et_pb_bg_layout_light et_pb_module et_flex_module preset--module--divi-text--default\" data-interaction-trigger=\"rlmnnx5tw0\"><div class=\"et_pb_text_inner\"><p>Illustration<\/p>\n<\/div><\/div>\n<\/div>\n\n<div class=\"et_pb_column_9 et_pb_column et_pb_column_1_2 et-last-child et_flex_column et_pb_css_mix_blend_mode_passthrough preset--module--divi-column--default\">\n<div class=\"et_pb_text_23 et_pb_text et_pb_bg_layout_light et_animated et-interaction-target-mklmrge6c9 et_pb_module et_flex_module preset--group--divi-text--divi-font-header--h1y3ko5--default preset--module--divi-text--default\" data-interaction-target=\"mklmrge6c9\"><div class=\"et_pb_text_inner\"><p>Garantir la coh\u00e9rence globale de votre univers. Je d\u00e9finis le cap visuel et le ton de votre communication pour que chaque image, chaque support et chaque campagne parle le m\u00eame langage. Une vision unifi\u00e9e pour une marque qui ne s'\u00e9parpille pas.<\/p>\n<\/div><\/div>\n\n<div class=\"et_pb_text_24 et_pb_text et_pb_bg_layout_light et_animated et-interaction-target-7dpshrwi8b et_pb_module et_flex_module preset--group--divi-text--divi-font-header--h1y3ko5--default preset--module--divi-text--default\" data-interaction-target=\"7dpshrwi8b\"><div class=\"et_pb_text_inner\"><p>Le c\u0153ur de votre diff\u00e9rence. Bien plus qu'un logotype, je con\u00e7ois des syst\u00e8mes graphiques complets (palettes, typographies, grilles) con\u00e7us pour durer. Une identit\u00e9 visuelle radicale qui rend votre marque imm\u00e9diatement identifiable et m\u00e9morable sur son march\u00e9.<\/p>\n<\/div><\/div>\n\n<div class=\"et_pb_text_25 et_pb_text et_pb_bg_layout_light et_animated et-interaction-target-5j9bccbakd et_pb_module et_flex_module preset--group--divi-text--divi-font-header--h1y3ko5--default preset--module--divi-text--default\" data-interaction-target=\"5j9bccbakd\"><div class=\"et_pb_text_inner\"><p>Traduire votre strat\u00e9gie en un langage visuel clair et propri\u00e9taire. L'objectif est de cr\u00e9er une distinction imm\u00e9diate sur votre march\u00e9 et d'ancrer votre positionnement dans l'esprit de vos audiences, d\u00e8s le premier regard.<\/p>\n<\/div><\/div>\n\n<div class=\"et_pb_text_26 et_pb_text et_pb_bg_layout_light et_animated et-interaction-target-09mz8b8fn3 et_pb_module et_flex_module preset--group--divi-text--divi-font-header--h1y3ko5--default preset--module--divi-text--default\" data-interaction-target=\"09mz8b8fn3\"><div class=\"et_pb_text_inner\"><p>Dans un environnement satur\u00e9, votre produit a quelques secondes pour convaincre. Nous concevons des packagings \u00e0 l'impact visuel fort, qui hi\u00e9rarchisent l'information et d\u00e9clenchent la pr\u00e9f\u00e9rence d'achat instantan\u00e9e.<\/p>\n<\/div><\/div>\n\n<div class=\"et_pb_text_27 et_pb_text et_pb_bg_layout_light et_animated et-interaction-target-mrdqujm9ba et_pb_module et_flex_module preset--group--divi-text--divi-font-header--h1y3ko5--default preset--module--divi-text--default\" data-interaction-target=\"mrdqujm9ba\"><div class=\"et_pb_text_inner\"><p>Sortir des banques d'images standardis\u00e9es. Des cr\u00e9ations graphiques sur-mesure pour enrichir votre storytelling et apporter une touche humaine unique. L'illustration permet de vulgariser des concepts complexes ou de cr\u00e9er une \u00e9motion que la photo seule ne peut atteindre.<\/p>\n<\/div><\/div>\n<\/div>\n<\/div>\n<\/div>\n\n<div class=\"et_pb_section_3 et_pb_section et_section_regular et_flex_section preset--module--divi-section--default\">\n<div class=\"et_pb_row_8 et_pb_row et_flex_row preset--module--divi-row--default\">\n<div class=\"et_pb_column_10 et_pb_column et-last-child et_flex_column et_pb_css_mix_blend_mode_passthrough et_flex_column_24_24 et_flex_column_24_24_tablet et_flex_column_24_24_phone preset--module--divi-column--default\">\n<div class=\"et_pb_text_28 et_pb_text et_pb_bg_layout_light et_pb_module et_flex_module preset--group--divi-text--divi-font-header--h1y3ko5--default preset--module--divi-text--default\"><div class=\"et_pb_text_inner\"><h2>The blog<\/h2>\n<\/div><\/div>\n\n<div class=\"et_pb_module et_pb_button_module_wrapper et_pb_button_2_wrapper preset--module--divi-button--3011f13d-ac1d-4054-9de8-b8ae133760e6_wrapper\"><a class=\"et_pb_button_2 et_pb_button et_pb_bg_layout_light et_pb_module et_flex_module preset--module--divi-button--3011f13d-ac1d-4054-9de8-b8ae133760e6\" href=\"https:\/\/www.juliendemeyere.fr\/en\/blog\/\" data-icon=\"$\">Voir tout<\/a><\/div>\n<\/div>\n<\/div>\n\n<div class=\"et_pb_row_9 et_pb_row et_flex_row preset--module--divi-row--default\"><div class=\"et_pb_column_11 et_pb_column et_flex_column et_pb_css_mix_blend_mode_passthrough et_clickable et_flex_column_8_24 et_flex_column_24_24_tablet et_flex_column_24_24_phone preset--module--divi-column--default\" data-loop-item=\"0\">\n<div class=\"et_pb_image_6 et_pb_image et_pb_image_sticky et_pb_module et_flex_module\" alt=\"Graphiste branding\"><span class=\"et_pb_image_wrap\"><img loading=\"lazy\" decoding=\"async\" src=\"https:\/\/www.juliendemeyere.fr\/wp-content\/uploads\/2026\/04\/freepik-is-magnific.jpg\" title=\"illustration\" width=\"1920\" height=\"1080\" srcset=\"https:\/\/www.juliendemeyere.fr\/wp-content\/uploads\/2026\/04\/freepik-is-magnific.jpg 1920w, https:\/\/www.juliendemeyere.fr\/wp-content\/uploads\/2026\/04\/freepik-is-magnific-1280x720.jpg 1280w, https:\/\/www.juliendemeyere.fr\/wp-content\/uploads\/2026\/04\/freepik-is-magnific-980x551.jpg 980w, https:\/\/www.juliendemeyere.fr\/wp-content\/uploads\/2026\/04\/freepik-is-magnific-480x270.jpg 480w\" sizes=\"(min-width: 0px) and (max-width: 480px) 480px, (min-width: 481px) and (max-width: 980px) 980px, (min-width: 981px) and (max-width: 1280px) 1280px, (min-width: 1281px) 1920px, 100vw\" class=\"wp-image-224451\" \/><\/span><\/div>\n\n<div class=\"et_pb_text_29 et_pb_text et_pb_bg_layout_light et_pb_module et_flex_module preset--module--divi-text--daea8ybc58\"><div class=\"et_pb_text_inner\"><p>Brand news<\/p>\n<\/div><\/div>\n\n<div class=\"et_pb_text_30 et_pb_text et_pb_bg_layout_light et_pb_module et_flex_module preset--module--divi-text--default\"><div class=\"et_pb_text_inner\"><p>Adieu Freepik, bonjour Magnific<\/p>\n<\/div><\/div>\n<\/div><div class=\"et_pb_column_12 et_pb_column et_flex_column et_pb_css_mix_blend_mode_passthrough et_clickable et_flex_column_8_24 et_flex_column_24_24_tablet et_flex_column_24_24_phone preset--module--divi-column--default\" data-loop-item=\"1\">\n<div class=\"et_pb_image_7 et_pb_image et_pb_image_sticky et_pb_module et_flex_module\" alt=\"Graphiste branding\"><span class=\"et_pb_image_wrap\"><img loading=\"lazy\" decoding=\"async\" src=\"https:\/\/www.juliendemeyere.fr\/wp-content\/uploads\/2026\/03\/Celio-sans-L.jpg\" title=\"illustration\" width=\"1920\" height=\"1080\" srcset=\"https:\/\/www.juliendemeyere.fr\/wp-content\/uploads\/2026\/03\/Celio-sans-L.jpg 1920w, https:\/\/www.juliendemeyere.fr\/wp-content\/uploads\/2026\/03\/Celio-sans-L-1280x720.jpg 1280w, https:\/\/www.juliendemeyere.fr\/wp-content\/uploads\/2026\/03\/Celio-sans-L-980x551.jpg 980w, https:\/\/www.juliendemeyere.fr\/wp-content\/uploads\/2026\/03\/Celio-sans-L-480x270.jpg 480w\" sizes=\"(min-width: 0px) and (max-width: 480px) 480px, (min-width: 481px) and (max-width: 980px) 980px, (min-width: 981px) and (max-width: 1280px) 1280px, (min-width: 1281px) 1920px, 100vw\" class=\"wp-image-224369\" \/><\/span><\/div>\n\n<div class=\"et_pb_text_31 et_pb_text et_pb_bg_layout_light et_pb_module et_flex_module preset--module--divi-text--daea8ybc58\"><div class=\"et_pb_text_inner\"><p>Brand news<\/p>\n<\/div><\/div>\n\n<div class=\"et_pb_text_32 et_pb_text et_pb_bg_layout_light et_pb_module et_flex_module preset--module--divi-text--default\"><div class=\"et_pb_text_inner\"><p>The Art of Losing an \"L\" : Celio's masterclass<\/p>\n<\/div><\/div>\n<\/div><div class=\"et_pb_column_13 et_pb_column et-last-child et_flex_column et_pb_css_mix_blend_mode_passthrough et_clickable et_flex_column_8_24 et_flex_column_24_24_tablet et_flex_column_24_24_phone preset--module--divi-column--default\" data-loop-item=\"2\">\n<div class=\"et_pb_image_8 et_pb_image et_pb_image_sticky et_pb_module et_flex_module\" alt=\"Graphiste branding\"><span class=\"et_pb_image_wrap\"><img loading=\"lazy\" decoding=\"async\" src=\"https:\/\/www.juliendemeyere.fr\/wp-content\/uploads\/2025\/11\/decathlon-eurosuit-combinaison-spatiale-sophie-adenot.jpg\" alt=\"Combinaison spatiale EuroSuit d\u00e9velopp\u00e9e par Decathlon et test\u00e9e par l\u2019astronaute fran\u00e7aise Sophie Adenot dans l\u2019ISS\" title=\"illustration\" width=\"1920\" height=\"1080\" srcset=\"https:\/\/www.juliendemeyere.fr\/wp-content\/uploads\/2025\/11\/decathlon-eurosuit-combinaison-spatiale-sophie-adenot.jpg 1920w, https:\/\/www.juliendemeyere.fr\/wp-content\/uploads\/2025\/11\/decathlon-eurosuit-combinaison-spatiale-sophie-adenot-1280x720.jpg 1280w, https:\/\/www.juliendemeyere.fr\/wp-content\/uploads\/2025\/11\/decathlon-eurosuit-combinaison-spatiale-sophie-adenot-980x551.jpg 980w, https:\/\/www.juliendemeyere.fr\/wp-content\/uploads\/2025\/11\/decathlon-eurosuit-combinaison-spatiale-sophie-adenot-480x270.jpg 480w\" sizes=\"(min-width: 0px) and (max-width: 480px) 480px, (min-width: 481px) and (max-width: 980px) 980px, (min-width: 981px) and (max-width: 1280px) 1280px, (min-width: 1281px) 1920px, 100vw\" class=\"wp-image-223604\" \/><\/span><\/div>\n\n<div class=\"et_pb_text_33 et_pb_text et_pb_bg_layout_light et_pb_module et_flex_module preset--module--divi-text--daea8ybc58\"><div class=\"et_pb_text_inner\"><p>Miscellaneous<\/p>\n<\/div><\/div>\n\n<div class=\"et_pb_text_34 et_pb_text et_pb_bg_layout_light et_pb_module et_flex_module preset--module--divi-text--default\"><div class=\"et_pb_text_inner\"><p>Decathlon aims for the stars<\/p>\n<\/div><\/div>\n<\/div><\/div>\n<\/div>","protected":false},"excerpt":{"rendered":"","protected":false},"author":1,"featured_media":224066,"parent":0,"menu_order":0,"comment_status":"closed","ping_status":"closed","template":"","meta":{"footnotes":""},"class_list":["post-224266","page","type-page","status-publish","has-post-thumbnail","hentry"],"_links":{"self":[{"href":"https:\/\/www.juliendemeyere.fr\/en\/wp-json\/wp\/v2\/pages\/224266","targetHints":{"allow":["GET"]}}],"collection":[{"href":"https:\/\/www.juliendemeyere.fr\/en\/wp-json\/wp\/v2\/pages"}],"about":[{"href":"https:\/\/www.juliendemeyere.fr\/en\/wp-json\/wp\/v2\/types\/page"}],"author":[{"embeddable":true,"href":"https:\/\/www.juliendemeyere.fr\/en\/wp-json\/wp\/v2\/users\/1"}],"replies":[{"embeddable":true,"href":"https:\/\/www.juliendemeyere.fr\/en\/wp-json\/wp\/v2\/comments?post=224266"}],"version-history":[{"count":5,"href":"https:\/\/www.juliendemeyere.fr\/en\/wp-json\/wp\/v2\/pages\/224266\/revisions"}],"predecessor-version":[{"id":224299,"href":"https:\/\/www.juliendemeyere.fr\/en\/wp-json\/wp\/v2\/pages\/224266\/revisions\/224299"}],"wp:featuredmedia":[{"embeddable":true,"href":"https:\/\/www.juliendemeyere.fr\/en\/wp-json\/wp\/v2\/media\/224066"}],"wp:attachment":[{"href":"https:\/\/www.juliendemeyere.fr\/en\/wp-json\/wp\/v2\/media?parent=224266"}],"curies":[{"name":"wp","href":"https:\/\/api.w.org\/{rel}","templated":true}]}}